{"id":90,"date":"2011-10-17T00:20:57","date_gmt":"2011-10-17T00:20:57","guid":{"rendered":"http:\/\/ombu.ca\/fr\/?page_id=90"},"modified":"2011-11-07T01:34:12","modified_gmt":"2011-11-07T01:34:12","slug":"ombu1006","status":"publish","type":"page","link":"https:\/\/ombu.ca\/fr\/ombu1006\/","title":{"rendered":"Skye Consort &#8211; Grands succ\u00e8s du deuxi\u00e8me mill\u00e9naire"},"content":{"rendered":"<p>\n<span class=\"floatleft\"><img loading=\"lazy\" decoding=\"async\" class=\"border\" title=\"Skye Consort - Grands succ\u00e8s du deuxi\u00e8me mill\u00e9naire\" src=\"\/images\/covers\/ombu_1006_medium.jpg\" width=\"250\" height=\"250\" alt=\"Skye Consort\"\/><br \/><br clear=\"left\"\/><img loading=\"lazy\" decoding=\"async\" class=\"border\" title=\"Skye Consort - Grands succ\u00e8s du deuxi\u00e8me mill\u00e9naire\" src=\"\/images\/covers\/ombu_1006_medium_tray.jpg\" width=\"250\" height=\"211\" alt=\"Skye Consort\"\/><\/span><\/p>\n<table style=\"margin: 0px; padding: 0px;\" cellspacing=\"0\" cellpadding=\"4\">\n<tr>\n<td>1.<\/td>\n<td><strong>A l&#8217;entrada del tens clar<\/strong><\/td>\n<td>arr. S. Dagher<\/td>\n<td align=\"right\">3:29<\/td>\n<\/tr>\n<tr>\n<td>2.<\/td>\n<td><strong>La Prime Estampie Royal <\/strong><\/td>\n<td>arr. A. Kehler <\/td>\n<td align=\"right\">1:08<\/td>\n<\/tr>\n<tr>\n<td>3.<\/td>\n<td><strong>Ah, que nos p\u00e8res <\/strong><\/td>\n<td>arr. S. Dagher <\/td>\n<td align=\"right\">3:21<\/td>\n<\/tr>\n<tr>\n<td>4.<\/td>\n<td><strong>La Seconde Estampie Royal <\/strong><\/td>\n<td>arr. S. Dagher<\/td>\n<td align=\"right\">1:04<\/td>\n<\/tr>\n<tr>\n<td>5.<\/td>\n<td><strong>Le Prisonnier de Nantes <\/strong><\/td>\n<td>arr. S. Dagher <\/td>\n<td align=\"right\">2:26<\/td>\n<\/tr>\n<tr>\n<td>6.<\/td>\n<td><strong>La Tierche Estampie Roial <\/strong><\/td>\n<td>arr. A. Kehler \/ S. Dagher <\/td>\n<td align=\"right\">1:39<\/td>\n<\/tr>\n<tr>\n<td>7.<\/td>\n<td><strong>L&#8217;amour de moy <\/strong><\/td>\n<td>arr. S. Dagher <\/td>\n<td align=\"right\">2:47<\/td>\n<\/tr>\n<tr>\n<td>8.<\/td>\n<td><strong>La Quarte Estampie Royal <\/strong><\/td>\n<td>arr. A. Kehler <\/td>\n<td align=\"right\">2:09<\/td>\n<\/tr>\n<tr>\n<td>9.<\/td>\n<td><strong>Anne de Bretagne <\/strong><\/td>\n<td>arr. S. Dagher <\/td>\n<td align=\"right\">4:12<\/td>\n<\/tr>\n<tr>\n<td>10.<\/td>\n<td><strong>La Quinte Estampie Real <\/strong><\/td>\n<td>arr. S. Dagher <\/td>\n<td align=\"right\">1:27<\/td>\n<\/tr>\n<tr>\n<td>11.<\/td>\n<td><strong>Le Galant Noy\u00e9 <\/strong><\/td>\n<td>arr. S. Dagher <\/td>\n<td align=\"right\">3:44<\/td>\n<\/tr>\n<tr>\n<td>12.<\/td>\n<td><strong>La Seste Estampie Real <\/strong><\/td>\n<td>arr. S. Dagher <\/td>\n<td align=\"right\">1:19<\/td>\n<\/tr>\n<tr>\n<td>13.<\/td>\n<td><strong>Kalenda Maya <\/strong><\/td>\n<td>arr. S. Dagher <\/td>\n<td align=\"right\">4:39<\/td>\n<\/tr>\n<tr>\n<td>14.<\/td>\n<td><strong>La Septime Estampie Real <\/strong><\/td>\n<td>arr. S. Dagher <\/td>\n<td align=\"right\">1:56<\/td>\n<\/tr>\n<tr>\n<td>15.<\/td>\n<td><strong>Volez vous que je vous chante <\/strong><\/td>\n<td>arr. S. Dagher <\/td>\n<td align=\"right\">3:00<\/td>\n<\/tr>\n<tr>\n<td>16.<\/td>\n<td><strong>La Uitime Estampie Real <\/strong><\/td>\n<td>arr. B. Grossman <\/td>\n<td align=\"right\">2:28<\/td>\n<\/tr>\n<tr>\n<td>17.<\/td>\n<td><strong>Be m&#8217;an perdut <\/strong><\/td>\n<td>arr. S. Dagher <\/td>\n<td align=\"right\">4:26<\/td>\n<\/tr>\n<tr>\n<td>18.<\/td>\n<td><strong>Dansse Real (9<sup>e<\/sup> estampie) <\/strong><\/td>\n<td>arr. S. Dagher \/ A. Keesmaat <\/td>\n<td align=\"right\">0:34<\/td>\n<\/tr>\n<tr>\n<td>19.<\/td>\n<td><strong>Belle Virginie <\/strong><\/td>\n<td>arr. S. Dagher <\/td>\n<td align=\"right\">2:30<\/td>\n<\/tr>\n<tr>\n<td>20.<\/td>\n<td><strong>(10<sup>e<\/sup> estampie) <\/strong><\/td>\n<td>arr. S. Dagher <\/td>\n<td align=\"right\">1:28<\/td>\n<\/tr>\n<tr>\n<td>21.<\/td>\n<td><strong>Douce Dame Jolie <\/strong><\/td>\n<td>comp. Guillaume de Machaut <br \/>arr. S. Dagher<\/td>\n<td align=\"right\">2:34<\/td>\n<\/tr>\n<tr>\n<td>22.<\/td>\n<td><strong>Danse Pens\u00e9e (11<sup>e<\/sup> estampie) <\/strong><\/td>\n<td>comp. Se\u00e1n Dagher<\/td>\n<td align=\"right\">1:26<\/td>\n<\/tr>\n<\/table>\n<p><br clear=\"left\" \/><\/p>\n<p><strong>A l&#8217;Entrada Del Tens Clar, Volez Vous Que Je Vous Chante,Douce Dame Jolie<\/strong><br \/>\n Les trouv\u00e8res \u00e9taient des po\u00e8tes et musiciens qui se mettaient au service d&#8217;aristocrates du nord de la France et de l&#8217;Angleterre normande, aux 13e et 14e si\u00e8cles. Ils \u00e9crivaient en langue d&#8217;o\u00efl et les th\u00e8mes dont s&#8217;inspiraient leurs chansons forment un \u00e9ventail tr\u00e8s vari\u00e9 qui va de l&#8217;amour \u00e0 la politique. A l&#8217;entrada del tens cla est un air de danse anonyme du 13e si\u00e8cle (traduit d&#8217;une chanson de troubadour ant\u00e9rieure) qui a pour th\u00e8me le d\u00e9sir et la jalousie. Volez-vous que je vous chante est une reverdie anonyme, \u00e9galement du 13e si\u00e8cle, dont les th\u00e8mes sont l&#8217;amour et le statut social. Douce dame jolie est un virelai monophonique de l&#8217;un des grands ma\u00eetres de la musique m\u00e9di\u00e9vale, Guillaume de Machaut (vers 1300 &#8211; 1377). Le d\u00e9sir et l&#8217;amour en sont les principaux th\u00e8mes.\n<\/p>\n<p><strong>Kalenda Maya, Be M&#8217;An Perdut<\/strong><br \/> Comme les trouv\u00e8res dans le Nord, les troubadours \u00e9taient po\u00e8tes et musiciens et \u00e9taient employ\u00e9s par les aristocrates du midi de la France, du nord de l&#8217;Italie et de la Catalogne aux 12e et 13e si\u00e8cles. Ils \u00e9crivaient en langue d&#8217;oc (proven\u00e7al) et les th\u00e8mes tr\u00e8s vari\u00e9s qui les inspiraient comprenaient bien s\u00fbr aussi l&#8217;amour et la politique. Kalenda maya est une estampie du troubadour Raimbaut de Vaqueiras qui a v\u00e9cu au 12e si\u00e8cle (vers 1150-1207). C&#8217;est la plainte d&#8217;un amoureux \u00e9conduit. Be m&#8217;an perdut, autre lamentation d&#8217;un amoureux rejet\u00e9, est une canso de Bernart de Ventadorn, troubadour du 12e si\u00e8cle (vers 1145-1180).\n<\/p>\n<p>\n<span class=\"floatright\"><img loading=\"lazy\" decoding=\"async\" class=\"border\" src=\"\/images\/skye_consort.jpg\" width=\"231\" height=\"200\" alt=\"Skye Consort\" title=\"Skye Consort\" \/><br \/><span class=\"credit\">photo : H. Fortin<\/span><\/span><br \/>\n<strong>Ah! Que Nos P\u00e8res, Anne de Bretagne, Belle Virginie<\/strong><br \/> Ces trois chansons tr\u00e8s c\u00e9l\u00e8bres de la tradition orale fran\u00e7aise ont connu plusieurs versions fort diff\u00e9rentes. Ah! Que nos p\u00e8res est une chanson \u00e0 boire, qui date peut-\u00eatre du 19e si\u00e8cle et qui c\u00e9l\u00e8bre le culte du vin. Anne de Bretagne ne peut \u00eatre dat\u00e9e, mais la duchesse dont il y est question a v\u00e9cu de 1477 \u00e0 1514. La chanson effleure \u00e0 peine la surface de sa vie passionnante. Belle Virginie date probablement de l&#8217;\u00e9poque des grands mouvements migratoires et exploratoires, soit peut-\u00eatre du 18e si\u00e8cle. Si belle que soit la m\u00e9lodie, seules les \u00e2mes les plus romanesques peuvent croire que Virginie ait revu son \u00ab bel amant \u00bb.\n<\/p>\n<p><strong>Le Prisonnier de Nantes, Le Galant Noy\u00e9<\/strong><br \/> Ces variantes de chansons folkloriques fran\u00e7aises ont \u00e9t\u00e9 recueillies au Qu\u00e9bec et leur forme est caract\u00e9ristique de la tradition folklorique du Qu\u00e9bec. Les trois principaux \u00e9l\u00e9ments des chansons (les paroles, la m\u00e9lodie et le refrain d\u00e9nu\u00e9 de sens intercal\u00e9 entre les r\u00e9p\u00e9titions du premier vers) sont ind\u00e9pendants et le chanteur peut donc \u00e0 loisir combiner diff\u00e9rents \u00e9l\u00e9ments des trois chansons pour cr\u00e9er de nouvelles variantes. Les deux protagonistes se jettent \u00e0 l&#8217;eau et il semble bien injuste que le \u00ab prisonnier \u00bb s&#8217;en tire alors que le \u00ab galant \u00bb y perde la vie. Le refrain anglais absurde du Galant noy\u00e9 donner \u00e0 penser que cette variante est peut-\u00eatre post\u00e9rieure \u00e0 1779.\n<\/p>\n<p><br clear=\"all\" \/><br \/><\/p>\n","protected":false},"excerpt":{"rendered":"<p>1. A l&#8217;entrada del tens clar arr. S. Dagher 3:29 2. La Prime Estampie Royal arr. A. Kehler 1:08 3. Ah, que nos p\u00e8res arr. S. Dagher 3:21 4. La Seconde Estampie Royal arr. S. Dagher 1:04 5. Le Prisonnier de Nantes arr. S. Dagher 2:26 6. La Tierche Estampie Roial arr. A. Kehler \/ [&hellip;]<\/p>\n","protected":false},"author":1,"featured_media":0,"parent":0,"menu_order":0,"comment_status":"open","ping_status":"open","template":"","meta":{"footnotes":""},"class_list":["post-90","page","type-page","status-publish","hentry"],"_links":{"self":[{"href":"https:\/\/ombu.ca\/fr\/wp-json\/wp\/v2\/pages\/90","targetHints":{"allow":["GET"]}}],"collection":[{"href":"https:\/\/ombu.ca\/fr\/wp-json\/wp\/v2\/pages"}],"about":[{"href":"https:\/\/ombu.ca\/fr\/wp-json\/wp\/v2\/types\/page"}],"author":[{"embeddable":true,"href":"https:\/\/ombu.ca\/fr\/wp-json\/wp\/v2\/users\/1"}],"replies":[{"embeddable":true,"href":"https:\/\/ombu.ca\/fr\/wp-json\/wp\/v2\/comments?post=90"}],"version-history":[{"count":7,"href":"https:\/\/ombu.ca\/fr\/wp-json\/wp\/v2\/pages\/90\/revisions"}],"predecessor-version":[{"id":150,"href":"https:\/\/ombu.ca\/fr\/wp-json\/wp\/v2\/pages\/90\/revisions\/150"}],"wp:attachment":[{"href":"https:\/\/ombu.ca\/fr\/wp-json\/wp\/v2\/media?parent=90"}],"curies":[{"name":"wp","href":"https:\/\/api.w.org\/{rel}","templated":true}]}}